{"version":"1.0","provider_name":"","provider_url":"https:\/\/bobitafalvamesei.cafeblog.hu","author_name":"sheriff001","author_url":"https:\/\/bobitafalvamesei.cafeblog.hu\/author\/sheriff001\/","title":"Hamarosan indul","html":"<p>Augusztusban fog indulni a mesesorozat 0-6 \u00e9ves kor\u00fa Gyerekek sz\u00e1m\u00e1ra. Eddig az eg\u00e9sz sorozat d\u00edszleteinek \u00e9s b\u00e1bjainak 50%-a van k\u00e9sz, egyfolyt\u00e1ban azon vagyunk, hogy elk\u00e9sz\u00fclj\u00f6n a mese. Szic\u00edliai marionett technik\u00e1val, b\u00e1bsz\u00edn\u00e9szek el\u0151ad\u00e1s\u00e1ban, egy \u00a0tanuls\u00e1gos mesesorozattal sz\u00f3rakozhatnak a gyerekek. Mindenkit szeretettel v\u00e1r a csapatunk! Ha v\u00e1rod m\u00e1r a sorozat els\u0151 \u00e9vad\u00e1t oszd meg az ismer\u0151seiddel \u00e9s v\u00e1rjatok egy\u00fctt, majd iratkozz fel a csatorn\u00e1ra!<img class=\"size-medium wp-image-40 aligncenter\" src=\"https:\/\/bobitafalvamesei.cafeblog.hu\/files\/2017\/07\/N\u00e9vtelen-271x300.png\" alt=\"\" width=\"271\" height=\"300\" \/><\/p>","type":"rich","thumbnail_url":"https:\/\/bobitafalvamesei.cafeblog.hu\/files\/2017\/07\/N\u00e9vtelen-150x150.png","thumbnail_width":150,"thumbnail_height":150}